{"id":2565,"date":"2026-08-11T16:03:27","date_gmt":"2026-08-11T19:03:27","guid":{"rendered":"https:\/\/arnaldodiasbaptista.com.br\/english\/musica-jardim-eletrico\/"},"modified":"2026-08-13T18:04:44","modified_gmt":"2026-08-13T21:04:44","slug":"musica-jardim-eletrico","status":"publish","type":"page","link":"https:\/\/arnaldodiasbaptista.com.br\/english\/musica-jardim-eletrico\/","title":{"rendered":"[M\u00daSICA] Jardim El\u00e9trico"},"content":{"rendered":"\t\t<div data-elementor-type=\"wp-page\" data-elementor-id=\"2565\" class=\"elementor elementor-2565\" data-elementor-post-type=\"page\">\n\t\t\t\t\t\t<section class=\"elementor-section elementor-top-section elementor-element elementor-element-7ad6e59 elementor-section-full_width elementor-section-height-default elementor-section-height-default\" data-id=\"7ad6e59\" data-element_type=\"section\" data-e-type=\"section\" data-settings=\"{&quot;background_background&quot;:&quot;gradient&quot;}\">\n\t\t\t\t\t\t<div class=\"elementor-container elementor-column-gap-custom\">\n\t\t\t\t\t<div class=\"elementor-column elementor-col-100 elementor-top-column elementor-element elementor-element-81c8858\" data-id=\"81c8858\" data-element_type=\"column\" data-e-type=\"column\">\n\t\t\t<div class=\"elementor-widget-wrap elementor-element-populated\">\n\t\t\t\t\t\t<div class=\"elementor-element elementor-element-32ba7d9 animated-slow elementor-hidden-phone elementor-invisible elementor-widget elementor-widget-image\" data-id=\"32ba7d9\" data-element_type=\"widget\" data-e-type=\"widget\" data-settings=\"{&quot;_animation&quot;:&quot;fadeIn&quot;,&quot;_animation_delay&quot;:0}\" data-widget_type=\"image.default\">\n\t\t\t\t<div class=\"elementor-widget-container\">\n\t\t\t\t\t\t\t\t\t\t\t\t\t\t\t\t<a href=\"https:\/\/arnaldodiasbaptista.com.br\/english\">\n\t\t\t\t\t\t\t<img fetchpriority=\"high\" decoding=\"async\" width=\"768\" height=\"257\" src=\"https:\/\/arnaldodiasbaptista.com.br\/english\/wp-content\/uploads\/2021\/05\/assinatura-768x257.png\" class=\"attachment-medium_large size-medium_large wp-image-309\" alt=\"\" srcset=\"https:\/\/arnaldodiasbaptista.com.br\/english\/wp-content\/uploads\/2021\/05\/assinatura-768x257.png 768w, https:\/\/arnaldodiasbaptista.com.br\/english\/wp-content\/uploads\/2021\/05\/assinatura-300x101.png 300w, https:\/\/arnaldodiasbaptista.com.br\/english\/wp-content\/uploads\/2021\/05\/assinatura-1024x343.png 1024w, https:\/\/arnaldodiasbaptista.com.br\/english\/wp-content\/uploads\/2021\/05\/assinatura-1536x515.png 1536w, https:\/\/arnaldodiasbaptista.com.br\/english\/wp-content\/uploads\/2021\/05\/assinatura-2048x686.png 2048w\" sizes=\"(max-width: 768px) 100vw, 768px\" \/>\t\t\t\t\t\t\t\t<\/a>\n\t\t\t\t\t\t\t\t\t\t\t\t\t\t\t<\/div>\n\t\t\t\t<\/div>\n\t\t\t\t<div class=\"elementor-element elementor-element-92ff444 animated-slow elementor-invisible elementor-widget elementor-widget-heading\" data-id=\"92ff444\" data-element_type=\"widget\" data-e-type=\"widget\" data-settings=\"{&quot;_animation&quot;:&quot;fadeIn&quot;}\" data-widget_type=\"heading.default\">\n\t\t\t\t<div class=\"elementor-widget-container\">\n\t\t\t\t\t<h5 class=\"elementor-heading-title elementor-size-default\">ARNALDO DIAS BAPTISTA<\/h5>\t\t\t\t<\/div>\n\t\t\t\t<\/div>\n\t\t\t\t\t<\/div>\n\t\t<\/div>\n\t\t\t\t\t<\/div>\n\t\t<\/section>\n\t\t\t\t<section class=\"elementor-section elementor-top-section elementor-element elementor-element-2994247 elementor-section-height-min-height elementor-section-boxed elementor-section-height-default elementor-section-items-middle\" data-id=\"2994247\" data-element_type=\"section\" data-e-type=\"section\" data-settings=\"{&quot;background_background&quot;:&quot;classic&quot;}\">\n\t\t\t\t\t\t<div class=\"elementor-container elementor-column-gap-default\">\n\t\t\t\t\t<div class=\"elementor-column elementor-col-100 elementor-top-column elementor-element elementor-element-f2af6c0\" data-id=\"f2af6c0\" data-element_type=\"column\" data-e-type=\"column\">\n\t\t\t<div class=\"elementor-widget-wrap\">\n\t\t\t\t\t\t\t<\/div>\n\t\t<\/div>\n\t\t\t\t\t<\/div>\n\t\t<\/section>\n\t\t\t\t<section class=\"elementor-section elementor-top-section elementor-element elementor-element-35a7516 linear3 elementor-hidden-phone elementor-section-boxed elementor-section-height-default elementor-section-height-default\" data-id=\"35a7516\" data-element_type=\"section\" data-e-type=\"section\" data-settings=\"{&quot;background_background&quot;:&quot;classic&quot;}\">\n\t\t\t\t\t\t<div class=\"elementor-container elementor-column-gap-default\">\n\t\t\t\t\t<div class=\"elementor-column elementor-col-100 elementor-top-column elementor-element elementor-element-3e5d352\" data-id=\"3e5d352\" data-element_type=\"column\" data-e-type=\"column\">\n\t\t\t<div class=\"elementor-widget-wrap elementor-element-populated\">\n\t\t\t\t\t\t<div class=\"elementor-element elementor-element-a584c43 elementor-hidden-phone animated-slow elementor-invisible elementor-widget elementor-widget-text-editor\" data-id=\"a584c43\" data-element_type=\"widget\" data-e-type=\"widget\" data-settings=\"{&quot;_animation&quot;:&quot;fadeInUp&quot;}\" data-widget_type=\"text-editor.default\">\n\t\t\t\t<div class=\"elementor-widget-container\">\n\t\t\t\t\t\t\t\t\t<p><b>JARDIM EL\u00c9TRICO (Polydor, 1971)<\/b><\/p><p><b><i>Musical Producer: Arnaldo Baptista<\/i><\/b><\/p>\t\t\t\t\t\t\t\t<\/div>\n\t\t\t\t<\/div>\n\t\t\t\t\t<\/div>\n\t\t<\/div>\n\t\t\t\t\t<\/div>\n\t\t<\/section>\n\t\t\t\t<section class=\"elementor-section elementor-top-section elementor-element elementor-element-872fddd elementor-section-boxed elementor-section-height-default elementor-section-height-default\" data-id=\"872fddd\" data-element_type=\"section\" data-e-type=\"section\">\n\t\t\t\t\t\t<div class=\"elementor-container elementor-column-gap-default\">\n\t\t\t\t\t<div class=\"elementor-column elementor-col-100 elementor-top-column elementor-element elementor-element-73fb001\" data-id=\"73fb001\" data-element_type=\"column\" data-e-type=\"column\">\n\t\t\t<div class=\"elementor-widget-wrap elementor-element-populated\">\n\t\t\t\t\t\t<div class=\"elementor-element elementor-element-672419c elementor-widget elementor-widget-text-editor\" data-id=\"672419c\" data-element_type=\"widget\" data-e-type=\"widget\" data-widget_type=\"text-editor.default\">\n\t\t\t\t<div class=\"elementor-widget-container\">\n\t\t\t\t\t\t\t\t\t<p><span style=\"font-weight: 400;\">After three albums \u2013 one tropicalist, one experimentalist and one revolutionary \u2013 the Mutantes launched their weirdest record. It is very much what the cover suggests: the group messing around with their electric paraphernalia, acoustic instruments and some stimulants. Just have a look at this: for the first time, when Rita Lee and Sergio Dias are also composers, the sequence for the credits is: L for Lee, S for Sergio and D for Dias, like in Lucy in the Sky with Diamonds. Jardim Eletrico is an album inside a party. It brings another hit: \u2018Top Top\u2019 an infernal hard rock; \u2018Jardim Eletrico\u2019 a sweet English version of \u2018Baby\u2019; and a tribute-parody of Tim Maia\u2019s Bemvinda (Welcomed Lady). Completing the album are \u2018Technicolor\u2019; \u2018El Justiceiro\u2019; \u2018It\u2019s Very Nice pra Xuxu\u2019; \u2018Virginia\u2019; \u2018Lady, Lady\u2019; \u2018Batmacumba\u2019 and \u2018Sarava\u2019 (both a references to the Brazilian afro religious rituals). (Marcelo Dolabela, Oct\/Nov 1999).<\/span><\/p><p><span style=\"font-weight: 400;\">1-<\/span><a href=\"http:\/\/www.arnaldobaptista.com.br\/01-Top%20Top.mp3\"><span style=\"font-weight: 400;\">Top Top<\/span><span style=\"font-weight: 400;\"><br \/><\/span><\/a><span style=\"font-weight: 400;\">2-<\/span><a href=\"http:\/\/www.arnaldobaptista.com.br\/02-Benvinda.mp3\"><span style=\"font-weight: 400;\">Benvinda<\/span><span style=\"font-weight: 400;\"><br \/><\/span><\/a><span style=\"font-weight: 400;\">3-<\/span><a href=\"http:\/\/www.arnaldobaptista.com.br\/03-Tecnicolor.mp3\"><span style=\"font-weight: 400;\">Tecnicolor<\/span><span style=\"font-weight: 400;\"><br \/><\/span><\/a><span style=\"font-weight: 400;\">4-<\/span><a href=\"http:\/\/www.arnaldobaptista.com.br\/04-El%20Justiciero.mp3\"><span style=\"font-weight: 400;\">El Justiciero<\/span><span style=\"font-weight: 400;\"><br \/><\/span><\/a><span style=\"font-weight: 400;\">5-<\/span><a href=\"http:\/\/www.arnaldobaptista.com.br\/05-It%27s%20Very%20Nice%20Pra%20Xuxu.mp3\"><span style=\"font-weight: 400;\">It\u2019s Very Nice Pra Xuxu<\/span><span style=\"font-weight: 400;\"><br \/><\/span><\/a><span style=\"font-weight: 400;\">6-<\/span><a href=\"http:\/\/www.arnaldobaptista.com.br\/06-Portugal%20De%20Navio.mp3\"><span style=\"font-weight: 400;\">Portugal de Navio<\/span><span style=\"font-weight: 400;\"><br \/><\/span><\/a><span style=\"font-weight: 400;\">7-<\/span><a href=\"http:\/\/www.arnaldobaptista.com.br\/07-Virg%EDnia.mp3\"><span style=\"font-weight: 400;\">Virg\u00ednia<\/span><span style=\"font-weight: 400;\"><br \/><\/span><\/a><span style=\"font-weight: 400;\">8-<\/span><a href=\"http:\/\/www.arnaldobaptista.com.br\/08-Jardim%20El%E9trico.mp3\"><span style=\"font-weight: 400;\">Jardim El\u00e9trico<\/span><span style=\"font-weight: 400;\"><br \/><\/span><\/a><span style=\"font-weight: 400;\">9-<\/span><a href=\"http:\/\/www.arnaldobaptista.com.br\/09-Lady,%20Lady.mp3\"><span style=\"font-weight: 400;\">Lady, Lady<\/span><span style=\"font-weight: 400;\"><br \/><\/span><\/a><span style=\"font-weight: 400;\">10-<\/span><a href=\"http:\/\/www.arnaldobaptista.com.br\/10-Sarav%E1.mp3\"><span style=\"font-weight: 400;\">Sarav\u00e1<\/span><span style=\"font-weight: 400;\"><br \/><\/span><\/a><span style=\"font-weight: 400;\">11-<\/span><a href=\"http:\/\/www.arnaldobaptista.com.br\/11-Baby.mp3\"><span style=\"font-weight: 400;\">Baby<\/span><\/a><\/p>\t\t\t\t\t\t\t\t<\/div>\n\t\t\t\t<\/div>\n\t\t\t\t\t<\/div>\n\t\t<\/div>\n\t\t\t\t\t<\/div>\n\t\t<\/section>\n\t\t\t\t<\/div>\n\t\t","protected":false},"excerpt":{"rendered":"<p>ARNALDO DIAS BAPTISTA JARDIM EL\u00c9TRICO (Polydor, 1971) Musical Producer: Arnaldo Baptista After three albums \u2013 one tropicalist, one experimentalist and one revolutionary \u2013 the Mutantes launched their weirdest record. It is very much what the cover suggests: the group messing around with their electric paraphernalia, acoustic instruments and some stimulants. Just have a look at [&hellip;]<\/p>\n","protected":false},"author":3,"featured_media":671,"parent":0,"menu_order":0,"comment_status":"closed","ping_status":"closed","template":"elementor_header_footer","meta":{"footnotes":""},"class_list":["post-2565","page","type-page","status-publish","has-post-thumbnail","hentry"],"yoast_head":"<!-- This site is optimized with the Yoast SEO plugin v28.3 - https:\/\/yoast.com\/product\/yoast-seo-wordpress\/ -->\n<title>[M\u00daSICA] Jardim El\u00e9trico -<\/title>\n<meta name=\"robots\" content=\"index, follow, max-snippet:-1, max-image-preview:large, max-video-preview:-1\" \/>\n<link rel=\"canonical\" href=\"https:\/\/arnaldodiasbaptista.com.br\/english\/musica-jardim-eletrico\/\" \/>\n<meta property=\"og:locale\" content=\"en_US\" \/>\n<meta property=\"og:type\" content=\"article\" \/>\n<meta property=\"og:title\" content=\"[M\u00daSICA] Jardim El\u00e9trico -\" \/>\n<meta property=\"og:description\" content=\"ARNALDO DIAS BAPTISTA JARDIM EL\u00c9TRICO (Polydor, 1971) Musical Producer: Arnaldo Baptista After three albums \u2013 one tropicalist, one experimentalist and one revolutionary \u2013 the Mutantes launched their weirdest record. It is very much what the cover suggests: the group messing around with their electric paraphernalia, acoustic instruments and some stimulants. Just have a look at [&hellip;]\" \/>\n<meta property=\"og:url\" content=\"https:\/\/arnaldodiasbaptista.com.br\/english\/musica-jardim-eletrico\/\" \/>\n<meta property=\"article:modified_time\" content=\"2026-08-13T21:04:44+00:00\" \/>\n<meta property=\"og:image\" content=\"https:\/\/arnaldodiasbaptista.com.br\/english\/wp-content\/uploads\/2021\/05\/001_2.jpg\" \/>\n\t<meta property=\"og:image:width\" content=\"650\" \/>\n\t<meta property=\"og:image:height\" content=\"508\" \/>\n\t<meta property=\"og:image:type\" content=\"image\/jpeg\" \/>\n<meta name=\"twitter:card\" content=\"summary_large_image\" \/>\n<meta name=\"twitter:label1\" content=\"Est. reading time\" \/>\n\t<meta name=\"twitter:data1\" content=\"1 minute\" \/>\n<script type=\"application\/ld+json\" class=\"yoast-schema-graph\">{\"@context\":\"https:\\\/\\\/schema.org\",\"@graph\":[{\"@type\":\"WebPage\",\"@id\":\"https:\\\/\\\/arnaldodiasbaptista.com.br\\\/english\\\/musica-jardim-eletrico\\\/\",\"url\":\"https:\\\/\\\/arnaldodiasbaptista.com.br\\\/english\\\/musica-jardim-eletrico\\\/\",\"name\":\"[M\u00daSICA] Jardim El\u00e9trico -\",\"isPartOf\":{\"@id\":\"https:\\\/\\\/arnaldodiasbaptista.com.br\\\/english\\\/#website\"},\"primaryImageOfPage\":{\"@id\":\"https:\\\/\\\/arnaldodiasbaptista.com.br\\\/english\\\/musica-jardim-eletrico\\\/#primaryimage\"},\"image\":{\"@id\":\"https:\\\/\\\/arnaldodiasbaptista.com.br\\\/english\\\/musica-jardim-eletrico\\\/#primaryimage\"},\"thumbnailUrl\":\"https:\\\/\\\/arnaldodiasbaptista.com.br\\\/english\\\/wp-content\\\/uploads\\\/2021\\\/05\\\/001_2.jpg\",\"datePublished\":\"2026-08-11T19:03:27+00:00\",\"dateModified\":\"2026-08-13T21:04:44+00:00\",\"breadcrumb\":{\"@id\":\"https:\\\/\\\/arnaldodiasbaptista.com.br\\\/english\\\/musica-jardim-eletrico\\\/#breadcrumb\"},\"inLanguage\":\"en-US\",\"potentialAction\":[{\"@type\":\"ReadAction\",\"target\":[\"https:\\\/\\\/arnaldodiasbaptista.com.br\\\/english\\\/musica-jardim-eletrico\\\/\"]}]},{\"@type\":\"ImageObject\",\"inLanguage\":\"en-US\",\"@id\":\"https:\\\/\\\/arnaldodiasbaptista.com.br\\\/english\\\/musica-jardim-eletrico\\\/#primaryimage\",\"url\":\"https:\\\/\\\/arnaldodiasbaptista.com.br\\\/english\\\/wp-content\\\/uploads\\\/2021\\\/05\\\/001_2.jpg\",\"contentUrl\":\"https:\\\/\\\/arnaldodiasbaptista.com.br\\\/english\\\/wp-content\\\/uploads\\\/2021\\\/05\\\/001_2.jpg\",\"width\":650,\"height\":508},{\"@type\":\"BreadcrumbList\",\"@id\":\"https:\\\/\\\/arnaldodiasbaptista.com.br\\\/english\\\/musica-jardim-eletrico\\\/#breadcrumb\",\"itemListElement\":[{\"@type\":\"ListItem\",\"position\":1,\"name\":\"Home\",\"item\":\"https:\\\/\\\/arnaldodiasbaptista.com.br\\\/english\\\/\"},{\"@type\":\"ListItem\",\"position\":2,\"name\":\"[M\u00daSICA] Jardim El\u00e9trico\"}]},{\"@type\":\"WebSite\",\"@id\":\"https:\\\/\\\/arnaldodiasbaptista.com.br\\\/english\\\/#website\",\"url\":\"https:\\\/\\\/arnaldodiasbaptista.com.br\\\/english\\\/\",\"name\":\"Arnaldo Dias Baptista\",\"description\":\"\",\"publisher\":{\"@id\":\"https:\\\/\\\/arnaldodiasbaptista.com.br\\\/english\\\/#\\\/schema\\\/person\\\/9cda6068e62536e420904acd11ebcc90\"},\"potentialAction\":[{\"@type\":\"SearchAction\",\"target\":{\"@type\":\"EntryPoint\",\"urlTemplate\":\"https:\\\/\\\/arnaldodiasbaptista.com.br\\\/english\\\/?s={search_term_string}\"},\"query-input\":{\"@type\":\"PropertyValueSpecification\",\"valueRequired\":true,\"valueName\":\"search_term_string\"}}],\"inLanguage\":\"en-US\"},{\"@type\":[\"Person\",\"Organization\"],\"@id\":\"https:\\\/\\\/arnaldodiasbaptista.com.br\\\/english\\\/#\\\/schema\\\/person\\\/9cda6068e62536e420904acd11ebcc90\",\"name\":\"rosa maia\",\"image\":{\"@type\":\"ImageObject\",\"inLanguage\":\"en-US\",\"@id\":\"https:\\\/\\\/secure.gravatar.com\\\/avatar\\\/1fb17682b29b1279d2662ab3325be6bab1304c477dc762d179cc5afff6f34dbd?s=96&d=mm&r=g\",\"url\":\"https:\\\/\\\/secure.gravatar.com\\\/avatar\\\/1fb17682b29b1279d2662ab3325be6bab1304c477dc762d179cc5afff6f34dbd?s=96&d=mm&r=g\",\"contentUrl\":\"https:\\\/\\\/secure.gravatar.com\\\/avatar\\\/1fb17682b29b1279d2662ab3325be6bab1304c477dc762d179cc5afff6f34dbd?s=96&d=mm&r=g\",\"caption\":\"rosa maia\"},\"logo\":{\"@id\":\"https:\\\/\\\/secure.gravatar.com\\\/avatar\\\/1fb17682b29b1279d2662ab3325be6bab1304c477dc762d179cc5afff6f34dbd?s=96&d=mm&r=g\"}}]}<\/script>\n<!-- \/ Yoast SEO plugin. -->","yoast_head_json":{"title":"[M\u00daSICA] Jardim El\u00e9trico -","robots":{"index":"index","follow":"follow","max-snippet":"max-snippet:-1","max-image-preview":"max-image-preview:large","max-video-preview":"max-video-preview:-1"},"canonical":"https:\/\/arnaldodiasbaptista.com.br\/english\/musica-jardim-eletrico\/","og_locale":"en_US","og_type":"article","og_title":"[M\u00daSICA] Jardim El\u00e9trico -","og_description":"ARNALDO DIAS BAPTISTA JARDIM EL\u00c9TRICO (Polydor, 1971) Musical Producer: Arnaldo Baptista After three albums \u2013 one tropicalist, one experimentalist and one revolutionary \u2013 the Mutantes launched their weirdest record. It is very much what the cover suggests: the group messing around with their electric paraphernalia, acoustic instruments and some stimulants. Just have a look at [&hellip;]","og_url":"https:\/\/arnaldodiasbaptista.com.br\/english\/musica-jardim-eletrico\/","article_modified_time":"2026-08-13T21:04:44+00:00","og_image":[{"width":650,"height":508,"url":"https:\/\/arnaldodiasbaptista.com.br\/english\/wp-content\/uploads\/2021\/05\/001_2.jpg","type":"image\/jpeg"}],"twitter_card":"summary_large_image","twitter_misc":{"Est. reading time":"1 minute"},"schema":{"@context":"https:\/\/schema.org","@graph":[{"@type":"WebPage","@id":"https:\/\/arnaldodiasbaptista.com.br\/english\/musica-jardim-eletrico\/","url":"https:\/\/arnaldodiasbaptista.com.br\/english\/musica-jardim-eletrico\/","name":"[M\u00daSICA] Jardim El\u00e9trico -","isPartOf":{"@id":"https:\/\/arnaldodiasbaptista.com.br\/english\/#website"},"primaryImageOfPage":{"@id":"https:\/\/arnaldodiasbaptista.com.br\/english\/musica-jardim-eletrico\/#primaryimage"},"image":{"@id":"https:\/\/arnaldodiasbaptista.com.br\/english\/musica-jardim-eletrico\/#primaryimage"},"thumbnailUrl":"https:\/\/arnaldodiasbaptista.com.br\/english\/wp-content\/uploads\/2021\/05\/001_2.jpg","datePublished":"2026-08-11T19:03:27+00:00","dateModified":"2026-08-13T21:04:44+00:00","breadcrumb":{"@id":"https:\/\/arnaldodiasbaptista.com.br\/english\/musica-jardim-eletrico\/#breadcrumb"},"inLanguage":"en-US","potentialAction":[{"@type":"ReadAction","target":["https:\/\/arnaldodiasbaptista.com.br\/english\/musica-jardim-eletrico\/"]}]},{"@type":"ImageObject","inLanguage":"en-US","@id":"https:\/\/arnaldodiasbaptista.com.br\/english\/musica-jardim-eletrico\/#primaryimage","url":"https:\/\/arnaldodiasbaptista.com.br\/english\/wp-content\/uploads\/2021\/05\/001_2.jpg","contentUrl":"https:\/\/arnaldodiasbaptista.com.br\/english\/wp-content\/uploads\/2021\/05\/001_2.jpg","width":650,"height":508},{"@type":"BreadcrumbList","@id":"https:\/\/arnaldodiasbaptista.com.br\/english\/musica-jardim-eletrico\/#breadcrumb","itemListElement":[{"@type":"ListItem","position":1,"name":"Home","item":"https:\/\/arnaldodiasbaptista.com.br\/english\/"},{"@type":"ListItem","position":2,"name":"[M\u00daSICA] Jardim El\u00e9trico"}]},{"@type":"WebSite","@id":"https:\/\/arnaldodiasbaptista.com.br\/english\/#website","url":"https:\/\/arnaldodiasbaptista.com.br\/english\/","name":"Arnaldo Dias Baptista","description":"","publisher":{"@id":"https:\/\/arnaldodiasbaptista.com.br\/english\/#\/schema\/person\/9cda6068e62536e420904acd11ebcc90"},"potentialAction":[{"@type":"SearchAction","target":{"@type":"EntryPoint","urlTemplate":"https:\/\/arnaldodiasbaptista.com.br\/english\/?s={search_term_string}"},"query-input":{"@type":"PropertyValueSpecification","valueRequired":true,"valueName":"search_term_string"}}],"inLanguage":"en-US"},{"@type":["Person","Organization"],"@id":"https:\/\/arnaldodiasbaptista.com.br\/english\/#\/schema\/person\/9cda6068e62536e420904acd11ebcc90","name":"rosa maia","image":{"@type":"ImageObject","inLanguage":"en-US","@id":"https:\/\/secure.gravatar.com\/avatar\/1fb17682b29b1279d2662ab3325be6bab1304c477dc762d179cc5afff6f34dbd?s=96&d=mm&r=g","url":"https:\/\/secure.gravatar.com\/avatar\/1fb17682b29b1279d2662ab3325be6bab1304c477dc762d179cc5afff6f34dbd?s=96&d=mm&r=g","contentUrl":"https:\/\/secure.gravatar.com\/avatar\/1fb17682b29b1279d2662ab3325be6bab1304c477dc762d179cc5afff6f34dbd?s=96&d=mm&r=g","caption":"rosa maia"},"logo":{"@id":"https:\/\/secure.gravatar.com\/avatar\/1fb17682b29b1279d2662ab3325be6bab1304c477dc762d179cc5afff6f34dbd?s=96&d=mm&r=g"}}]}},"_links":{"self":[{"href":"https:\/\/arnaldodiasbaptista.com.br\/english\/wp-json\/wp\/v2\/pages\/2565","targetHints":{"allow":["GET"]}}],"collection":[{"href":"https:\/\/arnaldodiasbaptista.com.br\/english\/wp-json\/wp\/v2\/pages"}],"about":[{"href":"https:\/\/arnaldodiasbaptista.com.br\/english\/wp-json\/wp\/v2\/types\/page"}],"author":[{"embeddable":true,"href":"https:\/\/arnaldodiasbaptista.com.br\/english\/wp-json\/wp\/v2\/users\/3"}],"replies":[{"embeddable":true,"href":"https:\/\/arnaldodiasbaptista.com.br\/english\/wp-json\/wp\/v2\/comments?post=2565"}],"version-history":[{"count":6,"href":"https:\/\/arnaldodiasbaptista.com.br\/english\/wp-json\/wp\/v2\/pages\/2565\/revisions"}],"predecessor-version":[{"id":2645,"href":"https:\/\/arnaldodiasbaptista.com.br\/english\/wp-json\/wp\/v2\/pages\/2565\/revisions\/2645"}],"wp:featuredmedia":[{"embeddable":true,"href":"https:\/\/arnaldodiasbaptista.com.br\/english\/wp-json\/wp\/v2\/media\/671"}],"wp:attachment":[{"href":"https:\/\/arnaldodiasbaptista.com.br\/english\/wp-json\/wp\/v2\/media?parent=2565"}],"curies":[{"name":"wp","href":"https:\/\/api.w.org\/{rel}","templated":true}]}}