{"id":2570,"date":"2026-08-11T16:10:29","date_gmt":"2026-08-11T19:10:29","guid":{"rendered":"https:\/\/arnaldodiasbaptista.com.br\/english\/musica-hoje-e-o-primeiro-dia\/"},"modified":"2026-08-13T17:59:13","modified_gmt":"2026-08-13T20:59:13","slug":"musica-hoje-e-o-primeiro-dia","status":"publish","type":"page","link":"https:\/\/arnaldodiasbaptista.com.br\/english\/musica-hoje-e-o-primeiro-dia\/","title":{"rendered":"[M\u00daSICA] Hoje \u00e9 o Primeiro Dia do Resto de Sua Vida"},"content":{"rendered":"\t\t<div data-elementor-type=\"wp-page\" data-elementor-id=\"2570\" class=\"elementor elementor-2570\" data-elementor-post-type=\"page\">\n\t\t\t\t\t\t<section class=\"elementor-section elementor-top-section elementor-element elementor-element-7ad6e59 elementor-section-full_width elementor-section-height-default elementor-section-height-default\" data-id=\"7ad6e59\" data-element_type=\"section\" data-e-type=\"section\" data-settings=\"{&quot;background_background&quot;:&quot;gradient&quot;}\">\n\t\t\t\t\t\t<div class=\"elementor-container elementor-column-gap-custom\">\n\t\t\t\t\t<div class=\"elementor-column elementor-col-100 elementor-top-column elementor-element elementor-element-81c8858\" data-id=\"81c8858\" data-element_type=\"column\" data-e-type=\"column\">\n\t\t\t<div class=\"elementor-widget-wrap elementor-element-populated\">\n\t\t\t\t\t\t<div class=\"elementor-element elementor-element-32ba7d9 animated-slow elementor-hidden-phone elementor-invisible elementor-widget elementor-widget-image\" data-id=\"32ba7d9\" data-element_type=\"widget\" data-e-type=\"widget\" data-settings=\"{&quot;_animation&quot;:&quot;fadeIn&quot;,&quot;_animation_delay&quot;:0}\" data-widget_type=\"image.default\">\n\t\t\t\t<div class=\"elementor-widget-container\">\n\t\t\t\t\t\t\t\t\t\t\t\t\t\t\t\t<a href=\"https:\/\/arnaldodiasbaptista.com.br\/english\">\n\t\t\t\t\t\t\t<img fetchpriority=\"high\" decoding=\"async\" width=\"768\" height=\"257\" src=\"https:\/\/arnaldodiasbaptista.com.br\/english\/wp-content\/uploads\/2021\/05\/assinatura-768x257.png\" class=\"attachment-medium_large size-medium_large wp-image-309\" alt=\"\" srcset=\"https:\/\/arnaldodiasbaptista.com.br\/english\/wp-content\/uploads\/2021\/05\/assinatura-768x257.png 768w, https:\/\/arnaldodiasbaptista.com.br\/english\/wp-content\/uploads\/2021\/05\/assinatura-300x101.png 300w, https:\/\/arnaldodiasbaptista.com.br\/english\/wp-content\/uploads\/2021\/05\/assinatura-1024x343.png 1024w, https:\/\/arnaldodiasbaptista.com.br\/english\/wp-content\/uploads\/2021\/05\/assinatura-1536x515.png 1536w, https:\/\/arnaldodiasbaptista.com.br\/english\/wp-content\/uploads\/2021\/05\/assinatura-2048x686.png 2048w\" sizes=\"(max-width: 768px) 100vw, 768px\" \/>\t\t\t\t\t\t\t\t<\/a>\n\t\t\t\t\t\t\t\t\t\t\t\t\t\t\t<\/div>\n\t\t\t\t<\/div>\n\t\t\t\t<div class=\"elementor-element elementor-element-92ff444 animated-slow elementor-invisible elementor-widget elementor-widget-heading\" data-id=\"92ff444\" data-element_type=\"widget\" data-e-type=\"widget\" data-settings=\"{&quot;_animation&quot;:&quot;fadeIn&quot;}\" data-widget_type=\"heading.default\">\n\t\t\t\t<div class=\"elementor-widget-container\">\n\t\t\t\t\t<h5 class=\"elementor-heading-title elementor-size-default\">ARNALDO DIAS BAPTISTA<\/h5>\t\t\t\t<\/div>\n\t\t\t\t<\/div>\n\t\t\t\t\t<\/div>\n\t\t<\/div>\n\t\t\t\t\t<\/div>\n\t\t<\/section>\n\t\t\t\t<section class=\"elementor-section elementor-top-section elementor-element elementor-element-2994247 elementor-section-height-min-height elementor-section-boxed elementor-section-height-default elementor-section-items-middle\" data-id=\"2994247\" data-element_type=\"section\" data-e-type=\"section\" data-settings=\"{&quot;background_background&quot;:&quot;classic&quot;}\">\n\t\t\t\t\t\t<div class=\"elementor-container elementor-column-gap-default\">\n\t\t\t\t\t<div class=\"elementor-column elementor-col-100 elementor-top-column elementor-element elementor-element-f2af6c0\" data-id=\"f2af6c0\" data-element_type=\"column\" data-e-type=\"column\">\n\t\t\t<div class=\"elementor-widget-wrap\">\n\t\t\t\t\t\t\t<\/div>\n\t\t<\/div>\n\t\t\t\t\t<\/div>\n\t\t<\/section>\n\t\t\t\t<section class=\"elementor-section elementor-top-section elementor-element elementor-element-35a7516 linear3 elementor-hidden-phone elementor-section-boxed elementor-section-height-default elementor-section-height-default\" data-id=\"35a7516\" data-element_type=\"section\" data-e-type=\"section\" data-settings=\"{&quot;background_background&quot;:&quot;classic&quot;}\">\n\t\t\t\t\t\t<div class=\"elementor-container elementor-column-gap-default\">\n\t\t\t\t\t<div class=\"elementor-column elementor-col-100 elementor-top-column elementor-element elementor-element-3e5d352\" data-id=\"3e5d352\" data-element_type=\"column\" data-e-type=\"column\">\n\t\t\t<div class=\"elementor-widget-wrap elementor-element-populated\">\n\t\t\t\t\t\t<div class=\"elementor-element elementor-element-a584c43 elementor-hidden-phone animated-slow elementor-invisible elementor-widget elementor-widget-text-editor\" data-id=\"a584c43\" data-element_type=\"widget\" data-e-type=\"widget\" data-settings=\"{&quot;_animation&quot;:&quot;fadeInUp&quot;}\" data-widget_type=\"text-editor.default\">\n\t\t\t\t<div class=\"elementor-widget-container\">\n\t\t\t\t\t\t\t\t\t<p><b>HOJE \u00c9 O PRIMEIRO DIA DO RESTO DE SUA VIDA (Polydor &#8211; 1972)<\/b><\/p><p><b>Musical Producer and Director: Arnaldo Baptista<\/b><\/p>\t\t\t\t\t\t\t\t<\/div>\n\t\t\t\t<\/div>\n\t\t\t\t\t<\/div>\n\t\t<\/div>\n\t\t\t\t\t<\/div>\n\t\t<\/section>\n\t\t\t\t<section class=\"elementor-section elementor-top-section elementor-element elementor-element-872fddd elementor-section-boxed elementor-section-height-default elementor-section-height-default\" data-id=\"872fddd\" data-element_type=\"section\" data-e-type=\"section\">\n\t\t\t\t\t\t<div class=\"elementor-container elementor-column-gap-default\">\n\t\t\t\t\t<div class=\"elementor-column elementor-col-100 elementor-top-column elementor-element elementor-element-73fb001\" data-id=\"73fb001\" data-element_type=\"column\" data-e-type=\"column\">\n\t\t\t<div class=\"elementor-widget-wrap elementor-element-populated\">\n\t\t\t\t\t\t<div class=\"elementor-element elementor-element-672419c elementor-widget elementor-widget-text-editor\" data-id=\"672419c\" data-element_type=\"widget\" data-e-type=\"widget\" data-widget_type=\"text-editor.default\">\n\t\t\t\t<div class=\"elementor-widget-container\">\n\t\t\t\t\t\t\t\t\t<p><span style=\"font-weight: 400;\">Two years after \u2018Build up\u2019 Rita Lee launched her second solo album. That was a different history all together. Before Rita was still a member of Mutantes. Now, with Mutantes taking the progressive rock path influenced by Yes, the group would send her off to the Bauretz\u2019s Planet. Her second record is a farewell album and, at the same time, the one that sounded more Mutantes than any other. None of the six records from the first phase \u2013 1968-1972 \u2013 were composed exclusively by Mutantes themselves: Arnaldo-Rita &amp; Sergio+Liminha. All others counted with external collaborators.<\/span><\/p><p><span style=\"font-weight: 400;\">The strong censorship regime of those days cut up some lyrics that from acids turned into lyric. In \u201cBeija-me, amor\u201d (Kiss me, love) we hear: \u201c\u2026To feel your taste\/ mixed with a taste of love\/ chewing between my teeth\u201d actually originally was: \u201cTo feel the saliva\/ the spit\u2019s taste\/ melting through my teeth\u2026\u201d, told us Carlos Calado, in his Mutante\u2019s biography, page 285.<\/span><\/p><p><span style=\"font-weight: 400;\">The only collaborator (and for the first time as part of the band) was that of the singer, composer and player Lucia Turnball as backing vocal. In 1973, Lucia would become Rita Lee\u2019s partner in the project Cilibinas do \u00c9den. This duo would also work as a base for Rita Lee\u2019s further group, Tutti Frutti, which included Luiz Sergio (guitars) and Lee Marcucci (bass). Their first album, \u201cAtr\u00e1s do porto tem uma cidade\u201d (behind the port there is a city), was a come back or very similar to Mutantes first album. As in the 1968\u2019s album, \u201cAtr\u00e1s do porto\u2026\u201d stamps a drawing made by Rita. Its graphic simplicity hides a basic element of the new group: the humour. This was hided or simply abandoned in the new Mutantes driven by progressive rock.<\/span><\/p><p><span style=\"font-weight: 400;\">\u2018Hoje \u00e9\u2026\u2019 can be translated into final-solo-collective-catharses towards this element. If in \u201cBauretz\u201d the humour is submerse, in this solo album it is explicit. Its musical texture sometimes sounds also progressive.<\/span><\/p><p><span style=\"font-weight: 400;\">The album has two distinctive chapters:<\/span><span style=\"font-weight: 400;\"><br \/><\/span><span style=\"font-weight: 400;\">1) Biographic, following the path of \u2018Vamos tratar da sa\u00fade\u2019 (Let\u2019s take care of our health) and \u2018Hoje \u00e9 o primeiro dia do resto da sua vida\u2019.<\/span><span style=\"font-weight: 400;\"><br \/><\/span><span style=\"font-weight: 400;\">2) Humoristic in \u201cAmor em branco e preto\u201d (love in black &amp; white, a non-official anthem to Corinthians Football Club); \u201cTapupukitipa\u201d and \u201cTiroleite\u201d. This was perhaps the only successful attempt to make a joke out of the hippie generation\u2019s values. This song, although not turned into a radio-TV success, is one of the big hits in open microphone sections.<\/span><\/p><p><span style=\"font-weight: 400;\">If this album is a return to Mutantes\u2019 beginning it is also an album-project of what would be Rita Lee\u2019s solo career. It was an amalgam of the anthropophagic formula created by Brazilian poet and writer Oswaldo de Andrade: love\/humour.<\/span><\/p><p><span style=\"font-weight: 400;\">After 1972, neither Rita nor Mutantes would be the same again. Each one followed their own paths. All, however, within a path that was trailed before. From that we can understand that the group\u2019s first phase does not compile five albums but eight \u2013 their five plus the later \u2018Technicolor\u2019, recorded in 1970 and launched only in 1990, and Rita\u2019s two solo albums.<\/span><\/p><p><span style=\"font-weight: 400;\">Is this discography completed? Not for me. Actually, this phase has nine records. I would include the first Arnaldo\u2019s solo album, \u2018L\u00f3ki?\u2019 (1974). What? Please, just re-read the above. All that was said for Rita\u2019s two solo albums applies, in minor or greater degree, to \u2018L\u00f3ki?\u2019. I would stop there but you can still include the album-manifesto \u2018Tropicalia \u2013 ou Panis et Circensis\u2019; \u2018A Banda Tropicalista de Rogerio Duprat\u2019 (The Tropicalist Band of Rogerio Duprat &#8211; 1968); and the single by Caetano Veloso with four songs: \u2018A Voz do Morto\u2019 (The Death\u2019s Voice); \u201cBaby\u201d; \u2018Saudosismo\u2019 (nostalgia) and \u2018Marcianita\u2019. All these songs were recorded live in 1968. (Marcelo Dolabela, Jul\/Aug 2005).<\/span><\/p><p><span style=\"font-weight: 400;\">1-<\/span><a href=\"http:\/\/www.arnaldobaptista.com.br\/01-Vamos%20Tratar%20Da%20Sa%20de.mp3\"><span style=\"font-weight: 400;\">Vamos Tratar da Sa\u00fade<\/span><span style=\"font-weight: 400;\"><br \/><\/span><\/a><span style=\"font-weight: 400;\">2-<\/span><a href=\"http:\/\/www.arnaldobaptista.com.br\/02-Beija-Me,%20Amor.mp3\"><span style=\"font-weight: 400;\">Beija-me Amor<\/span><span style=\"font-weight: 400;\"><br \/><\/span><\/a><span style=\"font-weight: 400;\">3-<\/span><a href=\"http:\/\/www.arnaldobaptista.com.br\/03-Hoje%20%20%20O%20Primeiro%20Dia%20Do%20Resto%20Da%20Sua%20Vida.mp3\"><span style=\"font-weight: 400;\">Hoje \u00e9 o Primeiro Dia do Resto da Sua Vida<\/span><span style=\"font-weight: 400;\"><br \/><\/span><\/a><span style=\"font-weight: 400;\">4-<\/span><a href=\"http:\/\/www.arnaldobaptista.com.br\/04-Teimosa.mp3\"><span style=\"font-weight: 400;\">Teimosia<\/span><span style=\"font-weight: 400;\"><br \/><\/span><\/a><span style=\"font-weight: 400;\">5-<\/span><a href=\"http:\/\/www.arnaldobaptista.com.br\/05-Frique%20Comigo.mp3\"><span style=\"font-weight: 400;\">Frique Comigo<\/span><span style=\"font-weight: 400;\"><br \/><\/span><\/a><span style=\"font-weight: 400;\">6-<\/span><a href=\"http:\/\/www.arnaldobaptista.com.br\/06-Amor%20Branco%20E%20Preto.mp3\"><span style=\"font-weight: 400;\">Amor Branco e Preto<\/span><span style=\"font-weight: 400;\"><br \/><\/span><\/a><span style=\"font-weight: 400;\">7-<\/span><a href=\"http:\/\/www.arnaldobaptista.com.br\/07-Tiroleite.mp3\"><span style=\"font-weight: 400;\">Toroleite<\/span><span style=\"font-weight: 400;\"><br \/><\/span><\/a><span style=\"font-weight: 400;\">8-<\/span><a href=\"http:\/\/www.arnaldobaptista.com.br\/08-Tapupukitipa.mp3\"><span style=\"font-weight: 400;\">Tapupukitipa<\/span><span style=\"font-weight: 400;\"><br \/><\/span><\/a><span style=\"font-weight: 400;\">9-<\/span><a href=\"http:\/\/www.arnaldobaptista.com.br\/09-De%20Novo%20Aqui%20Meu%20Bom%20Jos.mp3\"><span style=\"font-weight: 400;\">De Novo Aqui Meu Bom Jos\u00e9<\/span><span style=\"font-weight: 400;\"><br \/><\/span><\/a><span style=\"font-weight: 400;\">10-<\/span><a href=\"http:\/\/www.arnaldobaptista.com.br\/10-Superf%20cie%20Do%20Planeta.mp3\"><span style=\"font-weight: 400;\">Superf\u00edcie do Planeta<\/span><\/a><\/p><p><span style=\"font-weight: 400;\">Apresenta\u00e7\u00e3o como parte da exposi\u00e7\u00e3o &#8220;Tropic\u00e1lia: A Revolution in Brazilian Culture&#8221;. Barbican Centre, em Londres, entre 16 de fevereiro e 21 de maio de 2006.<\/span><\/p>\t\t\t\t\t\t\t\t<\/div>\n\t\t\t\t<\/div>\n\t\t\t\t\t<\/div>\n\t\t<\/div>\n\t\t\t\t\t<\/div>\n\t\t<\/section>\n\t\t\t\t<\/div>\n\t\t","protected":false},"excerpt":{"rendered":"<p>ARNALDO DIAS BAPTISTA HOJE \u00c9 O PRIMEIRO DIA DO RESTO DE SUA VIDA (Polydor &#8211; 1972) Musical Producer and Director: Arnaldo Baptista Two years after \u2018Build up\u2019 Rita Lee launched her second solo album. That was a different history all together. Before Rita was still a member of Mutantes. Now, with Mutantes taking the progressive [&hellip;]<\/p>\n","protected":false},"author":3,"featured_media":671,"parent":0,"menu_order":0,"comment_status":"closed","ping_status":"closed","template":"elementor_header_footer","meta":{"footnotes":""},"class_list":["post-2570","page","type-page","status-publish","has-post-thumbnail","hentry"],"yoast_head":"<!-- This site is optimized with the Yoast SEO plugin v28.3 - https:\/\/yoast.com\/product\/yoast-seo-wordpress\/ -->\n<title>[M\u00daSICA] Hoje \u00e9 o Primeiro Dia do Resto de Sua Vida -<\/title>\n<meta name=\"robots\" content=\"index, follow, max-snippet:-1, max-image-preview:large, max-video-preview:-1\" \/>\n<link rel=\"canonical\" href=\"https:\/\/arnaldodiasbaptista.com.br\/english\/musica-hoje-e-o-primeiro-dia\/\" \/>\n<meta property=\"og:locale\" content=\"en_US\" \/>\n<meta property=\"og:type\" content=\"article\" \/>\n<meta property=\"og:title\" content=\"[M\u00daSICA] Hoje \u00e9 o Primeiro Dia do Resto de Sua Vida -\" \/>\n<meta property=\"og:description\" content=\"ARNALDO DIAS BAPTISTA HOJE \u00c9 O PRIMEIRO DIA DO RESTO DE SUA VIDA (Polydor &#8211; 1972) Musical Producer and Director: Arnaldo Baptista Two years after \u2018Build up\u2019 Rita Lee launched her second solo album. That was a different history all together. Before Rita was still a member of Mutantes. Now, with Mutantes taking the progressive [&hellip;]\" \/>\n<meta property=\"og:url\" content=\"https:\/\/arnaldodiasbaptista.com.br\/english\/musica-hoje-e-o-primeiro-dia\/\" \/>\n<meta property=\"article:modified_time\" content=\"2026-08-13T20:59:13+00:00\" \/>\n<meta property=\"og:image\" content=\"https:\/\/arnaldodiasbaptista.com.br\/english\/wp-content\/uploads\/2021\/05\/001_2.jpg\" \/>\n\t<meta property=\"og:image:width\" content=\"650\" \/>\n\t<meta property=\"og:image:height\" content=\"508\" \/>\n\t<meta property=\"og:image:type\" content=\"image\/jpeg\" \/>\n<meta name=\"twitter:card\" content=\"summary_large_image\" \/>\n<meta name=\"twitter:label1\" content=\"Est. reading time\" \/>\n\t<meta name=\"twitter:data1\" content=\"4 minutes\" \/>\n<script type=\"application\/ld+json\" class=\"yoast-schema-graph\">{\"@context\":\"https:\\\/\\\/schema.org\",\"@graph\":[{\"@type\":\"WebPage\",\"@id\":\"https:\\\/\\\/arnaldodiasbaptista.com.br\\\/english\\\/musica-hoje-e-o-primeiro-dia\\\/\",\"url\":\"https:\\\/\\\/arnaldodiasbaptista.com.br\\\/english\\\/musica-hoje-e-o-primeiro-dia\\\/\",\"name\":\"[M\u00daSICA] Hoje \u00e9 o Primeiro Dia do Resto de Sua Vida -\",\"isPartOf\":{\"@id\":\"https:\\\/\\\/arnaldodiasbaptista.com.br\\\/english\\\/#website\"},\"primaryImageOfPage\":{\"@id\":\"https:\\\/\\\/arnaldodiasbaptista.com.br\\\/english\\\/musica-hoje-e-o-primeiro-dia\\\/#primaryimage\"},\"image\":{\"@id\":\"https:\\\/\\\/arnaldodiasbaptista.com.br\\\/english\\\/musica-hoje-e-o-primeiro-dia\\\/#primaryimage\"},\"thumbnailUrl\":\"https:\\\/\\\/arnaldodiasbaptista.com.br\\\/english\\\/wp-content\\\/uploads\\\/2021\\\/05\\\/001_2.jpg\",\"datePublished\":\"2026-08-11T19:10:29+00:00\",\"dateModified\":\"2026-08-13T20:59:13+00:00\",\"breadcrumb\":{\"@id\":\"https:\\\/\\\/arnaldodiasbaptista.com.br\\\/english\\\/musica-hoje-e-o-primeiro-dia\\\/#breadcrumb\"},\"inLanguage\":\"en-US\",\"potentialAction\":[{\"@type\":\"ReadAction\",\"target\":[\"https:\\\/\\\/arnaldodiasbaptista.com.br\\\/english\\\/musica-hoje-e-o-primeiro-dia\\\/\"]}]},{\"@type\":\"ImageObject\",\"inLanguage\":\"en-US\",\"@id\":\"https:\\\/\\\/arnaldodiasbaptista.com.br\\\/english\\\/musica-hoje-e-o-primeiro-dia\\\/#primaryimage\",\"url\":\"https:\\\/\\\/arnaldodiasbaptista.com.br\\\/english\\\/wp-content\\\/uploads\\\/2021\\\/05\\\/001_2.jpg\",\"contentUrl\":\"https:\\\/\\\/arnaldodiasbaptista.com.br\\\/english\\\/wp-content\\\/uploads\\\/2021\\\/05\\\/001_2.jpg\",\"width\":650,\"height\":508},{\"@type\":\"BreadcrumbList\",\"@id\":\"https:\\\/\\\/arnaldodiasbaptista.com.br\\\/english\\\/musica-hoje-e-o-primeiro-dia\\\/#breadcrumb\",\"itemListElement\":[{\"@type\":\"ListItem\",\"position\":1,\"name\":\"Home\",\"item\":\"https:\\\/\\\/arnaldodiasbaptista.com.br\\\/english\\\/\"},{\"@type\":\"ListItem\",\"position\":2,\"name\":\"[M\u00daSICA] Hoje \u00e9 o Primeiro Dia do Resto de Sua Vida\"}]},{\"@type\":\"WebSite\",\"@id\":\"https:\\\/\\\/arnaldodiasbaptista.com.br\\\/english\\\/#website\",\"url\":\"https:\\\/\\\/arnaldodiasbaptista.com.br\\\/english\\\/\",\"name\":\"Arnaldo Dias Baptista\",\"description\":\"\",\"publisher\":{\"@id\":\"https:\\\/\\\/arnaldodiasbaptista.com.br\\\/english\\\/#\\\/schema\\\/person\\\/9cda6068e62536e420904acd11ebcc90\"},\"potentialAction\":[{\"@type\":\"SearchAction\",\"target\":{\"@type\":\"EntryPoint\",\"urlTemplate\":\"https:\\\/\\\/arnaldodiasbaptista.com.br\\\/english\\\/?s={search_term_string}\"},\"query-input\":{\"@type\":\"PropertyValueSpecification\",\"valueRequired\":true,\"valueName\":\"search_term_string\"}}],\"inLanguage\":\"en-US\"},{\"@type\":[\"Person\",\"Organization\"],\"@id\":\"https:\\\/\\\/arnaldodiasbaptista.com.br\\\/english\\\/#\\\/schema\\\/person\\\/9cda6068e62536e420904acd11ebcc90\",\"name\":\"rosa maia\",\"image\":{\"@type\":\"ImageObject\",\"inLanguage\":\"en-US\",\"@id\":\"https:\\\/\\\/secure.gravatar.com\\\/avatar\\\/1fb17682b29b1279d2662ab3325be6bab1304c477dc762d179cc5afff6f34dbd?s=96&d=mm&r=g\",\"url\":\"https:\\\/\\\/secure.gravatar.com\\\/avatar\\\/1fb17682b29b1279d2662ab3325be6bab1304c477dc762d179cc5afff6f34dbd?s=96&d=mm&r=g\",\"contentUrl\":\"https:\\\/\\\/secure.gravatar.com\\\/avatar\\\/1fb17682b29b1279d2662ab3325be6bab1304c477dc762d179cc5afff6f34dbd?s=96&d=mm&r=g\",\"caption\":\"rosa maia\"},\"logo\":{\"@id\":\"https:\\\/\\\/secure.gravatar.com\\\/avatar\\\/1fb17682b29b1279d2662ab3325be6bab1304c477dc762d179cc5afff6f34dbd?s=96&d=mm&r=g\"}}]}<\/script>\n<!-- \/ Yoast SEO plugin. -->","yoast_head_json":{"title":"[M\u00daSICA] Hoje \u00e9 o Primeiro Dia do Resto de Sua Vida -","robots":{"index":"index","follow":"follow","max-snippet":"max-snippet:-1","max-image-preview":"max-image-preview:large","max-video-preview":"max-video-preview:-1"},"canonical":"https:\/\/arnaldodiasbaptista.com.br\/english\/musica-hoje-e-o-primeiro-dia\/","og_locale":"en_US","og_type":"article","og_title":"[M\u00daSICA] Hoje \u00e9 o Primeiro Dia do Resto de Sua Vida -","og_description":"ARNALDO DIAS BAPTISTA HOJE \u00c9 O PRIMEIRO DIA DO RESTO DE SUA VIDA (Polydor &#8211; 1972) Musical Producer and Director: Arnaldo Baptista Two years after \u2018Build up\u2019 Rita Lee launched her second solo album. That was a different history all together. Before Rita was still a member of Mutantes. Now, with Mutantes taking the progressive [&hellip;]","og_url":"https:\/\/arnaldodiasbaptista.com.br\/english\/musica-hoje-e-o-primeiro-dia\/","article_modified_time":"2026-08-13T20:59:13+00:00","og_image":[{"width":650,"height":508,"url":"https:\/\/arnaldodiasbaptista.com.br\/english\/wp-content\/uploads\/2021\/05\/001_2.jpg","type":"image\/jpeg"}],"twitter_card":"summary_large_image","twitter_misc":{"Est. reading time":"4 minutes"},"schema":{"@context":"https:\/\/schema.org","@graph":[{"@type":"WebPage","@id":"https:\/\/arnaldodiasbaptista.com.br\/english\/musica-hoje-e-o-primeiro-dia\/","url":"https:\/\/arnaldodiasbaptista.com.br\/english\/musica-hoje-e-o-primeiro-dia\/","name":"[M\u00daSICA] Hoje \u00e9 o Primeiro Dia do Resto de Sua Vida -","isPartOf":{"@id":"https:\/\/arnaldodiasbaptista.com.br\/english\/#website"},"primaryImageOfPage":{"@id":"https:\/\/arnaldodiasbaptista.com.br\/english\/musica-hoje-e-o-primeiro-dia\/#primaryimage"},"image":{"@id":"https:\/\/arnaldodiasbaptista.com.br\/english\/musica-hoje-e-o-primeiro-dia\/#primaryimage"},"thumbnailUrl":"https:\/\/arnaldodiasbaptista.com.br\/english\/wp-content\/uploads\/2021\/05\/001_2.jpg","datePublished":"2026-08-11T19:10:29+00:00","dateModified":"2026-08-13T20:59:13+00:00","breadcrumb":{"@id":"https:\/\/arnaldodiasbaptista.com.br\/english\/musica-hoje-e-o-primeiro-dia\/#breadcrumb"},"inLanguage":"en-US","potentialAction":[{"@type":"ReadAction","target":["https:\/\/arnaldodiasbaptista.com.br\/english\/musica-hoje-e-o-primeiro-dia\/"]}]},{"@type":"ImageObject","inLanguage":"en-US","@id":"https:\/\/arnaldodiasbaptista.com.br\/english\/musica-hoje-e-o-primeiro-dia\/#primaryimage","url":"https:\/\/arnaldodiasbaptista.com.br\/english\/wp-content\/uploads\/2021\/05\/001_2.jpg","contentUrl":"https:\/\/arnaldodiasbaptista.com.br\/english\/wp-content\/uploads\/2021\/05\/001_2.jpg","width":650,"height":508},{"@type":"BreadcrumbList","@id":"https:\/\/arnaldodiasbaptista.com.br\/english\/musica-hoje-e-o-primeiro-dia\/#breadcrumb","itemListElement":[{"@type":"ListItem","position":1,"name":"Home","item":"https:\/\/arnaldodiasbaptista.com.br\/english\/"},{"@type":"ListItem","position":2,"name":"[M\u00daSICA] Hoje \u00e9 o Primeiro Dia do Resto de Sua Vida"}]},{"@type":"WebSite","@id":"https:\/\/arnaldodiasbaptista.com.br\/english\/#website","url":"https:\/\/arnaldodiasbaptista.com.br\/english\/","name":"Arnaldo Dias Baptista","description":"","publisher":{"@id":"https:\/\/arnaldodiasbaptista.com.br\/english\/#\/schema\/person\/9cda6068e62536e420904acd11ebcc90"},"potentialAction":[{"@type":"SearchAction","target":{"@type":"EntryPoint","urlTemplate":"https:\/\/arnaldodiasbaptista.com.br\/english\/?s={search_term_string}"},"query-input":{"@type":"PropertyValueSpecification","valueRequired":true,"valueName":"search_term_string"}}],"inLanguage":"en-US"},{"@type":["Person","Organization"],"@id":"https:\/\/arnaldodiasbaptista.com.br\/english\/#\/schema\/person\/9cda6068e62536e420904acd11ebcc90","name":"rosa maia","image":{"@type":"ImageObject","inLanguage":"en-US","@id":"https:\/\/secure.gravatar.com\/avatar\/1fb17682b29b1279d2662ab3325be6bab1304c477dc762d179cc5afff6f34dbd?s=96&d=mm&r=g","url":"https:\/\/secure.gravatar.com\/avatar\/1fb17682b29b1279d2662ab3325be6bab1304c477dc762d179cc5afff6f34dbd?s=96&d=mm&r=g","contentUrl":"https:\/\/secure.gravatar.com\/avatar\/1fb17682b29b1279d2662ab3325be6bab1304c477dc762d179cc5afff6f34dbd?s=96&d=mm&r=g","caption":"rosa maia"},"logo":{"@id":"https:\/\/secure.gravatar.com\/avatar\/1fb17682b29b1279d2662ab3325be6bab1304c477dc762d179cc5afff6f34dbd?s=96&d=mm&r=g"}}]}},"_links":{"self":[{"href":"https:\/\/arnaldodiasbaptista.com.br\/english\/wp-json\/wp\/v2\/pages\/2570","targetHints":{"allow":["GET"]}}],"collection":[{"href":"https:\/\/arnaldodiasbaptista.com.br\/english\/wp-json\/wp\/v2\/pages"}],"about":[{"href":"https:\/\/arnaldodiasbaptista.com.br\/english\/wp-json\/wp\/v2\/types\/page"}],"author":[{"embeddable":true,"href":"https:\/\/arnaldodiasbaptista.com.br\/english\/wp-json\/wp\/v2\/users\/3"}],"replies":[{"embeddable":true,"href":"https:\/\/arnaldodiasbaptista.com.br\/english\/wp-json\/wp\/v2\/comments?post=2570"}],"version-history":[{"count":3,"href":"https:\/\/arnaldodiasbaptista.com.br\/english\/wp-json\/wp\/v2\/pages\/2570\/revisions"}],"predecessor-version":[{"id":2624,"href":"https:\/\/arnaldodiasbaptista.com.br\/english\/wp-json\/wp\/v2\/pages\/2570\/revisions\/2624"}],"wp:featuredmedia":[{"embeddable":true,"href":"https:\/\/arnaldodiasbaptista.com.br\/english\/wp-json\/wp\/v2\/media\/671"}],"wp:attachment":[{"href":"https:\/\/arnaldodiasbaptista.com.br\/english\/wp-json\/wp\/v2\/media?parent=2570"}],"curies":[{"name":"wp","href":"https:\/\/api.w.org\/{rel}","templated":true}]}}