{"id":2571,"date":"2026-08-11T16:11:57","date_gmt":"2026-08-11T19:11:57","guid":{"rendered":"https:\/\/arnaldodiasbaptista.com.br\/english\/musica-mutantes-ao-vivo-barbican\/"},"modified":"2026-08-13T18:05:20","modified_gmt":"2026-08-13T21:05:20","slug":"musica-mutantes-ao-vivo-barbican","status":"publish","type":"page","link":"https:\/\/arnaldodiasbaptista.com.br\/english\/musica-mutantes-ao-vivo-barbican\/","title":{"rendered":"[M\u00daSICA] Mutantes ao Vivo &#8211; Barbican"},"content":{"rendered":"\t\t<div data-elementor-type=\"wp-page\" data-elementor-id=\"2571\" class=\"elementor elementor-2571\" data-elementor-post-type=\"page\">\n\t\t\t\t\t\t<section class=\"elementor-section elementor-top-section elementor-element elementor-element-7ad6e59 elementor-section-full_width elementor-section-height-default elementor-section-height-default\" data-id=\"7ad6e59\" data-element_type=\"section\" data-e-type=\"section\" data-settings=\"{&quot;background_background&quot;:&quot;gradient&quot;}\">\n\t\t\t\t\t\t<div class=\"elementor-container elementor-column-gap-custom\">\n\t\t\t\t\t<div class=\"elementor-column elementor-col-100 elementor-top-column elementor-element elementor-element-81c8858\" data-id=\"81c8858\" data-element_type=\"column\" data-e-type=\"column\">\n\t\t\t<div class=\"elementor-widget-wrap elementor-element-populated\">\n\t\t\t\t\t\t<div class=\"elementor-element elementor-element-32ba7d9 animated-slow elementor-hidden-phone elementor-invisible elementor-widget elementor-widget-image\" data-id=\"32ba7d9\" data-element_type=\"widget\" data-e-type=\"widget\" data-settings=\"{&quot;_animation&quot;:&quot;fadeIn&quot;,&quot;_animation_delay&quot;:0}\" data-widget_type=\"image.default\">\n\t\t\t\t<div class=\"elementor-widget-container\">\n\t\t\t\t\t\t\t\t\t\t\t\t\t\t\t\t<a href=\"https:\/\/arnaldodiasbaptista.com.br\/english\">\n\t\t\t\t\t\t\t<img fetchpriority=\"high\" decoding=\"async\" width=\"768\" height=\"257\" src=\"https:\/\/arnaldodiasbaptista.com.br\/english\/wp-content\/uploads\/2021\/05\/assinatura-768x257.png\" class=\"attachment-medium_large size-medium_large wp-image-309\" alt=\"\" srcset=\"https:\/\/arnaldodiasbaptista.com.br\/english\/wp-content\/uploads\/2021\/05\/assinatura-768x257.png 768w, https:\/\/arnaldodiasbaptista.com.br\/english\/wp-content\/uploads\/2021\/05\/assinatura-300x101.png 300w, https:\/\/arnaldodiasbaptista.com.br\/english\/wp-content\/uploads\/2021\/05\/assinatura-1024x343.png 1024w, https:\/\/arnaldodiasbaptista.com.br\/english\/wp-content\/uploads\/2021\/05\/assinatura-1536x515.png 1536w, https:\/\/arnaldodiasbaptista.com.br\/english\/wp-content\/uploads\/2021\/05\/assinatura-2048x686.png 2048w\" sizes=\"(max-width: 768px) 100vw, 768px\" \/>\t\t\t\t\t\t\t\t<\/a>\n\t\t\t\t\t\t\t\t\t\t\t\t\t\t\t<\/div>\n\t\t\t\t<\/div>\n\t\t\t\t<div class=\"elementor-element elementor-element-92ff444 animated-slow elementor-invisible elementor-widget elementor-widget-heading\" data-id=\"92ff444\" data-element_type=\"widget\" data-e-type=\"widget\" data-settings=\"{&quot;_animation&quot;:&quot;fadeIn&quot;}\" data-widget_type=\"heading.default\">\n\t\t\t\t<div class=\"elementor-widget-container\">\n\t\t\t\t\t<h5 class=\"elementor-heading-title elementor-size-default\">ARNALDO DIAS BAPTISTA<\/h5>\t\t\t\t<\/div>\n\t\t\t\t<\/div>\n\t\t\t\t\t<\/div>\n\t\t<\/div>\n\t\t\t\t\t<\/div>\n\t\t<\/section>\n\t\t\t\t<section class=\"elementor-section elementor-top-section elementor-element elementor-element-2994247 elementor-section-height-min-height elementor-section-boxed elementor-section-height-default elementor-section-items-middle\" data-id=\"2994247\" data-element_type=\"section\" data-e-type=\"section\" data-settings=\"{&quot;background_background&quot;:&quot;classic&quot;}\">\n\t\t\t\t\t\t<div class=\"elementor-container elementor-column-gap-default\">\n\t\t\t\t\t<div class=\"elementor-column elementor-col-100 elementor-top-column elementor-element elementor-element-f2af6c0\" data-id=\"f2af6c0\" data-element_type=\"column\" data-e-type=\"column\">\n\t\t\t<div class=\"elementor-widget-wrap\">\n\t\t\t\t\t\t\t<\/div>\n\t\t<\/div>\n\t\t\t\t\t<\/div>\n\t\t<\/section>\n\t\t\t\t<section class=\"elementor-section elementor-top-section elementor-element elementor-element-35a7516 linear3 elementor-hidden-phone elementor-section-boxed elementor-section-height-default elementor-section-height-default\" data-id=\"35a7516\" data-element_type=\"section\" data-e-type=\"section\" data-settings=\"{&quot;background_background&quot;:&quot;classic&quot;}\">\n\t\t\t\t\t\t<div class=\"elementor-container elementor-column-gap-default\">\n\t\t\t\t\t<div class=\"elementor-column elementor-col-100 elementor-top-column elementor-element elementor-element-3e5d352\" data-id=\"3e5d352\" data-element_type=\"column\" data-e-type=\"column\">\n\t\t\t<div class=\"elementor-widget-wrap elementor-element-populated\">\n\t\t\t\t\t\t<div class=\"elementor-element elementor-element-a584c43 elementor-hidden-phone animated-slow elementor-invisible elementor-widget elementor-widget-text-editor\" data-id=\"a584c43\" data-element_type=\"widget\" data-e-type=\"widget\" data-settings=\"{&quot;_animation&quot;:&quot;fadeInUp&quot;}\" data-widget_type=\"text-editor.default\">\n\t\t\t\t<div class=\"elementor-widget-container\">\n\t\t\t\t\t\t\t\t\t<p><b>MUTANTES AO VIVO &#8211; BARBICAN THEATRE &#8211; LONDRES<\/b><b><br \/><\/b><b>(Sony &amp; BMG, 2006)<\/b><\/p><p><b><i>Musical Producer: S\u00e9rgio Dias<\/i><\/b><\/p>\t\t\t\t\t\t\t\t<\/div>\n\t\t\t\t<\/div>\n\t\t\t\t\t<\/div>\n\t\t<\/div>\n\t\t\t\t\t<\/div>\n\t\t<\/section>\n\t\t\t\t<section class=\"elementor-section elementor-top-section elementor-element elementor-element-872fddd elementor-section-boxed elementor-section-height-default elementor-section-height-default\" data-id=\"872fddd\" data-element_type=\"section\" data-e-type=\"section\">\n\t\t\t\t\t\t<div class=\"elementor-container elementor-column-gap-default\">\n\t\t\t\t\t<div class=\"elementor-column elementor-col-100 elementor-top-column elementor-element elementor-element-73fb001\" data-id=\"73fb001\" data-element_type=\"column\" data-e-type=\"column\">\n\t\t\t<div class=\"elementor-widget-wrap elementor-element-populated\">\n\t\t\t\t\t\t<div class=\"elementor-element elementor-element-672419c elementor-widget elementor-widget-text-editor\" data-id=\"672419c\" data-element_type=\"widget\" data-e-type=\"widget\" data-widget_type=\"text-editor.default\">\n\t\t\t\t<div class=\"elementor-widget-container\">\n\t\t\t\t\t\t\t\t\t<p><strong>The Return of \u201cMutantism\u201d<\/strong><\/p><p><span style=\"font-weight: 400;\">Rock and Roll is now a veteran over fifty years old. Time has finally allowed it to begin settling a historic debt\u2014or rather, a future debt: &#8220;How does one understand, assimilate, and live with one&#8217;s past?&#8221; How does one live and understand the &#8220;suffering&#8221;\u2014as Tom Z\u00e9 sang\u2014&#8221;of youth&#8221;?<\/span><\/p><p><span style=\"font-weight: 400;\">The writer Rubem Braga, discussing the journalism\u2019s chronicle, commented: &#8220;Truth is not the passing of time; truth is the instant.&#8221; If Rock is volatile\u2014like a gas, as Jimi Hendrix sang\u2014how does one experience the eternity of the instant? How does one live in that singular moment?<\/span><\/p><p><span style=\"font-weight: 400;\">B.B. King turns 83 this year. To blues fans, he is not old. Jo\u00e3o Gilberto is 76, yet remains the great name of bossa nova.<\/span><\/p><p><span style=\"font-weight: 400;\">Rock is finally to grasp the dialectical interplay between &#8220;time&#8221; and the &#8220;instant&#8221;\u2014 between what is already inscribed in history and what, through inventiveness, continues to stretch the beginnings of history. The return of The Mutantes comes at just the right time to settle this debt and answer, once and for all, the question: &#8220;If the group was\u2014 and is \u2014 the perfect example of the Brazilian rock revolution and one of the greatest names in international rock, why confine their trajectory to just five years (1968\u20131972) of recorded output?&#8221;<\/span><\/p><p><span style=\"font-weight: 400;\">The Beatles&#8217; catalog is occasionally revisited by Paul McCartney and George Martin. Why not allow the Mutantes revolution to continue?<\/span><\/p><p><span style=\"font-weight: 400;\">Setting aside the &#8220;friendly fire&#8221; (criticism from Rita Lee and Liminha&#8217;s refusal to participate), the announcement of the group&#8217;s return sparked a wide range of reactions \u2014 from doubt and fear to relief and a sense of &#8220;finally.&#8221;<\/span><\/p><p><span style=\"font-weight: 400;\">But what could we expect from this comeback? How would the core trio \u2014 Arnaldo Baptista, S\u00e9rgio Dias, and Dinho \u2014 interact &#8220;chemically&#8221; thirty-five years later? Who could replace Rita Lee\u2019s iconic voice, and how? What instrumentation and arrangements would be used to dress up &#8220;classics&#8221; that originally defined the group&#8217;s heyday under the sonic machinery of maestro Rog\u00e9rio Duprat?<\/span><\/p><p><span style=\"font-weight: 400;\">The answer was a wise one. The group re-emerged in &#8220;exile&#8221; \u2014 far removed from the weight of expectations and anxieties \u2014 at a London event celebrating Tropic\u00e1lia beyond just its musical boundaries: the exhibition Tropic\u00e1lia: A Revolution in Brazilian Culture. This event provided a comprehensive overview of the movement, spanning music, poetry, visual arts, cinema, theater, architecture, dance, politics, theory, and history. It culminated in a concert at the Barbican Center in London, England, in May 2006.<\/span><\/p><p><span style=\"font-weight: 400;\">The resulting material \u2014 a concert and album now released on CD\/DVD\u2014is impeccable. Under S\u00e9rgio\u2019s leadership and Arnaldo\u2019s creative vision, the group managed to blend the most experimental aspects of Tropic\u00e1lia with the finest elements of psychedelia \u2014 past, present, and future.<\/span><\/p><p><span style=\"font-weight: 400;\">The group comprises ten members: the core members \u2014 Arnaldo Baptista (keyboards and vocals), S\u00e9rgio Dias (guitar and vocals), and Dinho Leme (drums) \u2014 plus the vocals, featuring a truly special guest appearance by Z\u00e9lia Duncan \u2014 a *Mutante* by nature; backing vocals by Fabio Recco and Esm\u00e9rya Bulgari; keyboards by Vitor Trida and Henrique Peters; bass by Vinicius Junqueira; and percussion by Simone Soul.<\/span><\/p><p><span style=\"font-weight: 400;\">The setlist is a &#8220;greatest hits&#8221; collection. It features music from the group&#8217;s five albums from their &#8220;heroic&#8221; era. From the debut album Os Mutantes (1968): &#8220;Panis et Circensis,&#8221; &#8220;Minha Menina,&#8221; &#8220;Bat Macumba,&#8221; &#8220;Le premier bonheur du jour,&#8221; and &#8220;Ave Gengis Khan.&#8221; From the 1969 album Mutantes: &#8220;Don Quixote,&#8221; &#8220;Dia 36,&#8221; &#8220;Fuga n.2,&#8221; and &#8220;Caminhante Noturno.&#8221; From A Divina Com\u00e9dia ou Ando Meio Desligado (1970): &#8220;Ando Meio Desligado,&#8221; &#8220;Ave Lucifer,&#8221; and &#8220;Desculpe Babe.&#8221; From Jardim El\u00e9trico (1971): &#8220;Top Top,&#8221; &#8220;Technicolor,&#8221; &#8220;El Justiciero,&#8221; and &#8220;Virg\u00ednia.&#8221; And from Mutantes &amp; Seus Cometas No Pa\u00eds do Baurets* (1972): &#8220;Cantor de Mambo,&#8221; &#8220;Balada do Louco,&#8221; and &#8220;<\/span> <span style=\"font-weight: 400;\">A Hora e a Vez do Cabelo Crescer.&#8221;<\/span><\/p><p><span style=\"font-weight: 400;\">S\u00e9rgio Dias is in impressive form. Z\u00e9lia Duncan, despite a limited role, proves to be the perfect choice. Arnaldo appears with his surreal quips and signature vocals. Dinho remains precise and essential. The other musicians brilliantly fulfill their roles as supporting players.<\/span><\/p><p><span style=\"font-weight: 400;\">The box set\u2014 containing two CDs and a DVD \u2014 released by Sony &amp; BMG, presents the London concert in its entirety. The CDs and DVD feature the same tracklist, creating a mise-en-abyme effect \u2014 like Russian nesting dolls, where inside the largest one lies another, and another, and another&#8230;<\/span><\/p><p><span style=\"font-weight: 400;\">It begins with the concrete poetry (in the Mutante style) of &#8220;Dom Quixote,&#8221; with its alliteration and wordplay, and concludes with the Tropicalist cruelty of \u201cPanis et Circensis\u201d, by Gilberto Gil and Caetano Veloso. Throughout the show, time moves back and forth. It pauses and resumes. It is fluid, flexible, and non-chronological \u2014 as if the group had actually released a massive five-disc album during its heyday (1968\u20131972). The shuffled songs better reveal the floor plan\u2014 the pilot plan \u2014 of the Mutantes style.<\/span><\/p><p><span style=\"font-weight: 400;\">This proves, once again, that the group is not merely a name in the rock pantheon, but a &#8220;way of doing things&#8221;\u2014 a style, a subgenre (to borrow a term from Roy Shuker\u2019s Popular Music: The Key Concepts) within rock itself: \u201cMutantismo\u201d (mutantism).<\/span><\/p><p><span style=\"font-weight: 400;\">This explains the admiration artists as diverse as David Byrne and Kurt &#8220;Nirvana&#8221; Cobain\u2014 along with Beck, Sean Lennon, the Beastie Boys, Pizzicato Five, and Belle &amp; Sebastian \u2014 have for the group&#8217;s work.<\/span><\/p><p><span style=\"font-weight: 400;\">After all, what was presented in this &#8220;re-debut&#8221; is merely a small \u2014 yet significant \u2014 excerpt from the &#8220;Mutantes vault&#8221;; there is still enough material for at least two new releases. We do not yet know what is to come. But it is certainly more (non-polluting) fuel, proving that it is still worth continuing with \u2014 and within \u2014 the Mutantes revolution. (Marcelo Dolabela \u2013 BHZ, July 2007).<\/span><\/p><p><b>CD I<\/b><b><br \/><\/b><a href=\"http:\/\/www.arnaldobaptista.com.br\/01%20-%20Don%20Quixote_Barbican.mp3\"><span style=\"font-weight: 400;\">01 &#8211; Don Quixote<\/span><b><br \/><\/b><\/a><a href=\"http:\/\/www.arnaldobaptista.com.br\/02%20-%20Caminhante%20Noturno_Barbican.mp3\"><span style=\"font-weight: 400;\">02 &#8211; Caminhante Noturno<\/span><span style=\"font-weight: 400;\"><br \/><\/span><\/a><a href=\"http:\/\/www.arnaldobaptista.com.br\/03%20-%20Ave%20Gengis%20Khan_Barbican.mp3\"><span style=\"font-weight: 400;\">03 &#8211; Ave Gengis Khan<\/span><span style=\"font-weight: 400;\"><br \/><\/span><\/a><a href=\"http:\/\/www.arnaldobaptista.com.br\/04%20-%20Tecnicolor_Barbican.mp3\"><span style=\"font-weight: 400;\">04 &#8211; Tecnicolor<\/span><span style=\"font-weight: 400;\"><br \/><\/span><\/a><a href=\"http:\/\/www.arnaldobaptista.com.br\/05%20-%20Virginia_Barbican.mp3\"><span style=\"font-weight: 400;\">05 &#8211; Virginia<\/span><span style=\"font-weight: 400;\"><br \/><\/span><\/a><a href=\"http:\/\/www.arnaldobaptista.com.br\/06%20-%20Cantor%20de%20Mambo_Barbican.mp3\"><span style=\"font-weight: 400;\">06 &#8211; Cantor de Mambo<\/span><span style=\"font-weight: 400;\"><br \/><\/span><\/a><a href=\"http:\/\/www.arnaldobaptista.com.br\/07%20-%20El%20Justiciero_Barbican.mp3\"><span style=\"font-weight: 400;\">07 &#8211; El Justiciero<\/span><span style=\"font-weight: 400;\"><br \/><\/span><\/a><a href=\"http:\/\/www.arnaldobaptista.com.br\/08%20-%20Baby_Barbican.mp3\"><span style=\"font-weight: 400;\">08 &#8211; Baby<\/span><span style=\"font-weight: 400;\"><br \/><\/span><\/a><a href=\"http:\/\/www.arnaldobaptista.com.br\/09%20-%20I%27m%20Sorry%20Baby_Barbican.mp3\"><span style=\"font-weight: 400;\">09 &#8211; I&#8217;m Sorry Baby<\/span><span style=\"font-weight: 400;\"><br \/><\/span><\/a><a href=\"http:\/\/www.arnaldobaptista.com.br\/10%20-%20Top%20Top_Barbican.mp3\"><span style=\"font-weight: 400;\">10 &#8211; Top Top<\/span><span style=\"font-weight: 400;\"><br \/><\/span><\/a><a href=\"http:\/\/www.arnaldobaptista.com.br\/11%20-%20Dia%2036_Barbican.mp3\"><span style=\"font-weight: 400;\">11 &#8211; Dia 36<\/span><span style=\"font-weight: 400;\"><br \/><\/span><span style=\"font-weight: 400;\"><br \/><\/span><\/a><b>CD II<\/b><b><br \/><\/b><a href=\"http:\/\/www.arnaldobaptista.com.br\/01%20-%20Fuga%20n%BA%20II_Barbican.mp3\"><span style=\"font-weight: 400;\">01 &#8211; Fuga n\u00ba II<\/span><span style=\"font-weight: 400;\"><br \/><\/span><\/a><a href=\"http:\/\/www.arnaldobaptista.com.br\/02%20-%20Le%20Premier%20Bonheur%20du%20Jour_Barbican.mp3\"><span style=\"font-weight: 400;\">02 &#8211; Le Premier Bonheur du Jour<\/span><span style=\"font-weight: 400;\"><br \/><\/span><\/a><a href=\"http:\/\/www.arnaldobaptista.com.br\/03%20-%20Dois%20Mil%20e%20Um_Barbican.mp3\"><span style=\"font-weight: 400;\">03 &#8211; Dois Mil e Um<\/span><span style=\"font-weight: 400;\"><br \/><\/span><\/a><a href=\"http:\/\/www.arnaldobaptista.com.br\/04%20-%20Ave%20Lucifer_Barbican.mp3\"><span style=\"font-weight: 400;\">04 &#8211; Ave Lucifer<\/span><span style=\"font-weight: 400;\"><br \/><\/span><\/a><a href=\"http:\/\/www.arnaldobaptista.com.br\/05%20-%20Balada%20do%20Louco_Barbican.mp3\"><span style=\"font-weight: 400;\">05 &#8211; Balada do Louco<\/span><span style=\"font-weight: 400;\"><br \/><\/span><\/a><a href=\"http:\/\/www.arnaldobaptista.com.br\/06%20-%20I%20Feel%20a%20Little%20Spaced%20Out%20(Ando%20Meio%20Desligado)_Barbican.mp3\"><span style=\"font-weight: 400;\">06 &#8211; I Feel a Little Spaced Out<\/span><span style=\"font-weight: 400;\"><br \/><\/span><\/a><a href=\"http:\/\/www.arnaldobaptista.com.br\/07%20-%20A%20Hora%20e%20a%20Vez%20do%20Cabelo%20Nascer_Barbican.mp3\"><span style=\"font-weight: 400;\">07 &#8211; A Hora e a Vez do Cabelo Nascer<\/span><span style=\"font-weight: 400;\"><br \/><\/span><\/a><a href=\"http:\/\/www.arnaldobaptista.com.br\/08%20-%20A%20Minha%20Menina_Barbican.mp3\"><span style=\"font-weight: 400;\">08 &#8211; A Minha Menina<\/span><span style=\"font-weight: 400;\"><br \/><\/span><\/a><a href=\"http:\/\/www.arnaldobaptista.com.br\/09%20-%20Bat%20Macumba_Barbican.mp3\"><span style=\"font-weight: 400;\">09 &#8211; Bat Macumba<\/span><span style=\"font-weight: 400;\"><br \/><\/span><\/a><a href=\"http:\/\/www.arnaldobaptista.com.br\/10%20-%20Panis%20et%20Circensces_Barbican.mp3\"><span style=\"font-weight: 400;\">10 &#8211; Panis et Circensces<\/span><\/a><\/p>\t\t\t\t\t\t\t\t<\/div>\n\t\t\t\t<\/div>\n\t\t\t\t\t<\/div>\n\t\t<\/div>\n\t\t\t\t\t<\/div>\n\t\t<\/section>\n\t\t\t\t<\/div>\n\t\t","protected":false},"excerpt":{"rendered":"<p>ARNALDO DIAS BAPTISTA MUTANTES AO VIVO &#8211; BARBICAN THEATRE &#8211; LONDRES(Sony &amp; BMG, 2006) Musical Producer: S\u00e9rgio Dias The Return of \u201cMutantism\u201d Rock and Roll is now a veteran over fifty years old. Time has finally allowed it to begin settling a historic debt\u2014or rather, a future debt: &#8220;How does one understand, assimilate, and live [&hellip;]<\/p>\n","protected":false},"author":3,"featured_media":671,"parent":0,"menu_order":0,"comment_status":"closed","ping_status":"closed","template":"elementor_header_footer","meta":{"footnotes":""},"class_list":["post-2571","page","type-page","status-publish","has-post-thumbnail","hentry"],"yoast_head":"<!-- This site is optimized with the Yoast SEO plugin v28.3 - https:\/\/yoast.com\/product\/yoast-seo-wordpress\/ -->\n<title>[M\u00daSICA] Mutantes ao Vivo - Barbican -<\/title>\n<meta name=\"robots\" content=\"index, follow, max-snippet:-1, max-image-preview:large, max-video-preview:-1\" \/>\n<link rel=\"canonical\" href=\"https:\/\/arnaldodiasbaptista.com.br\/english\/musica-mutantes-ao-vivo-barbican\/\" \/>\n<meta property=\"og:locale\" content=\"en_US\" \/>\n<meta property=\"og:type\" content=\"article\" \/>\n<meta property=\"og:title\" content=\"[M\u00daSICA] Mutantes ao Vivo - Barbican -\" \/>\n<meta property=\"og:description\" content=\"ARNALDO DIAS BAPTISTA MUTANTES AO VIVO &#8211; BARBICAN THEATRE &#8211; LONDRES(Sony &amp; BMG, 2006) Musical Producer: S\u00e9rgio Dias The Return of \u201cMutantism\u201d Rock and Roll is now a veteran over fifty years old. Time has finally allowed it to begin settling a historic debt\u2014or rather, a future debt: &#8220;How does one understand, assimilate, and live [&hellip;]\" \/>\n<meta property=\"og:url\" content=\"https:\/\/arnaldodiasbaptista.com.br\/english\/musica-mutantes-ao-vivo-barbican\/\" \/>\n<meta property=\"article:modified_time\" content=\"2026-08-13T21:05:20+00:00\" \/>\n<meta property=\"og:image\" content=\"https:\/\/arnaldodiasbaptista.com.br\/english\/wp-content\/uploads\/2021\/05\/001_2.jpg\" \/>\n\t<meta property=\"og:image:width\" content=\"650\" \/>\n\t<meta property=\"og:image:height\" content=\"508\" \/>\n\t<meta property=\"og:image:type\" content=\"image\/jpeg\" \/>\n<meta name=\"twitter:card\" content=\"summary_large_image\" \/>\n<meta name=\"twitter:label1\" content=\"Est. reading time\" \/>\n\t<meta name=\"twitter:data1\" content=\"5 minutes\" \/>\n<script type=\"application\/ld+json\" class=\"yoast-schema-graph\">{\"@context\":\"https:\\\/\\\/schema.org\",\"@graph\":[{\"@type\":\"WebPage\",\"@id\":\"https:\\\/\\\/arnaldodiasbaptista.com.br\\\/english\\\/musica-mutantes-ao-vivo-barbican\\\/\",\"url\":\"https:\\\/\\\/arnaldodiasbaptista.com.br\\\/english\\\/musica-mutantes-ao-vivo-barbican\\\/\",\"name\":\"[M\u00daSICA] Mutantes ao Vivo - Barbican -\",\"isPartOf\":{\"@id\":\"https:\\\/\\\/arnaldodiasbaptista.com.br\\\/english\\\/#website\"},\"primaryImageOfPage\":{\"@id\":\"https:\\\/\\\/arnaldodiasbaptista.com.br\\\/english\\\/musica-mutantes-ao-vivo-barbican\\\/#primaryimage\"},\"image\":{\"@id\":\"https:\\\/\\\/arnaldodiasbaptista.com.br\\\/english\\\/musica-mutantes-ao-vivo-barbican\\\/#primaryimage\"},\"thumbnailUrl\":\"https:\\\/\\\/arnaldodiasbaptista.com.br\\\/english\\\/wp-content\\\/uploads\\\/2021\\\/05\\\/001_2.jpg\",\"datePublished\":\"2026-08-11T19:11:57+00:00\",\"dateModified\":\"2026-08-13T21:05:20+00:00\",\"breadcrumb\":{\"@id\":\"https:\\\/\\\/arnaldodiasbaptista.com.br\\\/english\\\/musica-mutantes-ao-vivo-barbican\\\/#breadcrumb\"},\"inLanguage\":\"en-US\",\"potentialAction\":[{\"@type\":\"ReadAction\",\"target\":[\"https:\\\/\\\/arnaldodiasbaptista.com.br\\\/english\\\/musica-mutantes-ao-vivo-barbican\\\/\"]}]},{\"@type\":\"ImageObject\",\"inLanguage\":\"en-US\",\"@id\":\"https:\\\/\\\/arnaldodiasbaptista.com.br\\\/english\\\/musica-mutantes-ao-vivo-barbican\\\/#primaryimage\",\"url\":\"https:\\\/\\\/arnaldodiasbaptista.com.br\\\/english\\\/wp-content\\\/uploads\\\/2021\\\/05\\\/001_2.jpg\",\"contentUrl\":\"https:\\\/\\\/arnaldodiasbaptista.com.br\\\/english\\\/wp-content\\\/uploads\\\/2021\\\/05\\\/001_2.jpg\",\"width\":650,\"height\":508},{\"@type\":\"BreadcrumbList\",\"@id\":\"https:\\\/\\\/arnaldodiasbaptista.com.br\\\/english\\\/musica-mutantes-ao-vivo-barbican\\\/#breadcrumb\",\"itemListElement\":[{\"@type\":\"ListItem\",\"position\":1,\"name\":\"Home\",\"item\":\"https:\\\/\\\/arnaldodiasbaptista.com.br\\\/english\\\/\"},{\"@type\":\"ListItem\",\"position\":2,\"name\":\"[M\u00daSICA] Mutantes ao Vivo &#8211; Barbican\"}]},{\"@type\":\"WebSite\",\"@id\":\"https:\\\/\\\/arnaldodiasbaptista.com.br\\\/english\\\/#website\",\"url\":\"https:\\\/\\\/arnaldodiasbaptista.com.br\\\/english\\\/\",\"name\":\"Arnaldo Dias Baptista\",\"description\":\"\",\"publisher\":{\"@id\":\"https:\\\/\\\/arnaldodiasbaptista.com.br\\\/english\\\/#\\\/schema\\\/person\\\/9cda6068e62536e420904acd11ebcc90\"},\"potentialAction\":[{\"@type\":\"SearchAction\",\"target\":{\"@type\":\"EntryPoint\",\"urlTemplate\":\"https:\\\/\\\/arnaldodiasbaptista.com.br\\\/english\\\/?s={search_term_string}\"},\"query-input\":{\"@type\":\"PropertyValueSpecification\",\"valueRequired\":true,\"valueName\":\"search_term_string\"}}],\"inLanguage\":\"en-US\"},{\"@type\":[\"Person\",\"Organization\"],\"@id\":\"https:\\\/\\\/arnaldodiasbaptista.com.br\\\/english\\\/#\\\/schema\\\/person\\\/9cda6068e62536e420904acd11ebcc90\",\"name\":\"rosa maia\",\"image\":{\"@type\":\"ImageObject\",\"inLanguage\":\"en-US\",\"@id\":\"https:\\\/\\\/secure.gravatar.com\\\/avatar\\\/1fb17682b29b1279d2662ab3325be6bab1304c477dc762d179cc5afff6f34dbd?s=96&d=mm&r=g\",\"url\":\"https:\\\/\\\/secure.gravatar.com\\\/avatar\\\/1fb17682b29b1279d2662ab3325be6bab1304c477dc762d179cc5afff6f34dbd?s=96&d=mm&r=g\",\"contentUrl\":\"https:\\\/\\\/secure.gravatar.com\\\/avatar\\\/1fb17682b29b1279d2662ab3325be6bab1304c477dc762d179cc5afff6f34dbd?s=96&d=mm&r=g\",\"caption\":\"rosa maia\"},\"logo\":{\"@id\":\"https:\\\/\\\/secure.gravatar.com\\\/avatar\\\/1fb17682b29b1279d2662ab3325be6bab1304c477dc762d179cc5afff6f34dbd?s=96&d=mm&r=g\"}}]}<\/script>\n<!-- \/ Yoast SEO plugin. -->","yoast_head_json":{"title":"[M\u00daSICA] Mutantes ao Vivo - Barbican -","robots":{"index":"index","follow":"follow","max-snippet":"max-snippet:-1","max-image-preview":"max-image-preview:large","max-video-preview":"max-video-preview:-1"},"canonical":"https:\/\/arnaldodiasbaptista.com.br\/english\/musica-mutantes-ao-vivo-barbican\/","og_locale":"en_US","og_type":"article","og_title":"[M\u00daSICA] Mutantes ao Vivo - Barbican -","og_description":"ARNALDO DIAS BAPTISTA MUTANTES AO VIVO &#8211; BARBICAN THEATRE &#8211; LONDRES(Sony &amp; BMG, 2006) Musical Producer: S\u00e9rgio Dias The Return of \u201cMutantism\u201d Rock and Roll is now a veteran over fifty years old. Time has finally allowed it to begin settling a historic debt\u2014or rather, a future debt: &#8220;How does one understand, assimilate, and live [&hellip;]","og_url":"https:\/\/arnaldodiasbaptista.com.br\/english\/musica-mutantes-ao-vivo-barbican\/","article_modified_time":"2026-08-13T21:05:20+00:00","og_image":[{"width":650,"height":508,"url":"https:\/\/arnaldodiasbaptista.com.br\/english\/wp-content\/uploads\/2021\/05\/001_2.jpg","type":"image\/jpeg"}],"twitter_card":"summary_large_image","twitter_misc":{"Est. reading time":"5 minutes"},"schema":{"@context":"https:\/\/schema.org","@graph":[{"@type":"WebPage","@id":"https:\/\/arnaldodiasbaptista.com.br\/english\/musica-mutantes-ao-vivo-barbican\/","url":"https:\/\/arnaldodiasbaptista.com.br\/english\/musica-mutantes-ao-vivo-barbican\/","name":"[M\u00daSICA] Mutantes ao Vivo - Barbican -","isPartOf":{"@id":"https:\/\/arnaldodiasbaptista.com.br\/english\/#website"},"primaryImageOfPage":{"@id":"https:\/\/arnaldodiasbaptista.com.br\/english\/musica-mutantes-ao-vivo-barbican\/#primaryimage"},"image":{"@id":"https:\/\/arnaldodiasbaptista.com.br\/english\/musica-mutantes-ao-vivo-barbican\/#primaryimage"},"thumbnailUrl":"https:\/\/arnaldodiasbaptista.com.br\/english\/wp-content\/uploads\/2021\/05\/001_2.jpg","datePublished":"2026-08-11T19:11:57+00:00","dateModified":"2026-08-13T21:05:20+00:00","breadcrumb":{"@id":"https:\/\/arnaldodiasbaptista.com.br\/english\/musica-mutantes-ao-vivo-barbican\/#breadcrumb"},"inLanguage":"en-US","potentialAction":[{"@type":"ReadAction","target":["https:\/\/arnaldodiasbaptista.com.br\/english\/musica-mutantes-ao-vivo-barbican\/"]}]},{"@type":"ImageObject","inLanguage":"en-US","@id":"https:\/\/arnaldodiasbaptista.com.br\/english\/musica-mutantes-ao-vivo-barbican\/#primaryimage","url":"https:\/\/arnaldodiasbaptista.com.br\/english\/wp-content\/uploads\/2021\/05\/001_2.jpg","contentUrl":"https:\/\/arnaldodiasbaptista.com.br\/english\/wp-content\/uploads\/2021\/05\/001_2.jpg","width":650,"height":508},{"@type":"BreadcrumbList","@id":"https:\/\/arnaldodiasbaptista.com.br\/english\/musica-mutantes-ao-vivo-barbican\/#breadcrumb","itemListElement":[{"@type":"ListItem","position":1,"name":"Home","item":"https:\/\/arnaldodiasbaptista.com.br\/english\/"},{"@type":"ListItem","position":2,"name":"[M\u00daSICA] Mutantes ao Vivo &#8211; Barbican"}]},{"@type":"WebSite","@id":"https:\/\/arnaldodiasbaptista.com.br\/english\/#website","url":"https:\/\/arnaldodiasbaptista.com.br\/english\/","name":"Arnaldo Dias Baptista","description":"","publisher":{"@id":"https:\/\/arnaldodiasbaptista.com.br\/english\/#\/schema\/person\/9cda6068e62536e420904acd11ebcc90"},"potentialAction":[{"@type":"SearchAction","target":{"@type":"EntryPoint","urlTemplate":"https:\/\/arnaldodiasbaptista.com.br\/english\/?s={search_term_string}"},"query-input":{"@type":"PropertyValueSpecification","valueRequired":true,"valueName":"search_term_string"}}],"inLanguage":"en-US"},{"@type":["Person","Organization"],"@id":"https:\/\/arnaldodiasbaptista.com.br\/english\/#\/schema\/person\/9cda6068e62536e420904acd11ebcc90","name":"rosa maia","image":{"@type":"ImageObject","inLanguage":"en-US","@id":"https:\/\/secure.gravatar.com\/avatar\/1fb17682b29b1279d2662ab3325be6bab1304c477dc762d179cc5afff6f34dbd?s=96&d=mm&r=g","url":"https:\/\/secure.gravatar.com\/avatar\/1fb17682b29b1279d2662ab3325be6bab1304c477dc762d179cc5afff6f34dbd?s=96&d=mm&r=g","contentUrl":"https:\/\/secure.gravatar.com\/avatar\/1fb17682b29b1279d2662ab3325be6bab1304c477dc762d179cc5afff6f34dbd?s=96&d=mm&r=g","caption":"rosa maia"},"logo":{"@id":"https:\/\/secure.gravatar.com\/avatar\/1fb17682b29b1279d2662ab3325be6bab1304c477dc762d179cc5afff6f34dbd?s=96&d=mm&r=g"}}]}},"_links":{"self":[{"href":"https:\/\/arnaldodiasbaptista.com.br\/english\/wp-json\/wp\/v2\/pages\/2571","targetHints":{"allow":["GET"]}}],"collection":[{"href":"https:\/\/arnaldodiasbaptista.com.br\/english\/wp-json\/wp\/v2\/pages"}],"about":[{"href":"https:\/\/arnaldodiasbaptista.com.br\/english\/wp-json\/wp\/v2\/types\/page"}],"author":[{"embeddable":true,"href":"https:\/\/arnaldodiasbaptista.com.br\/english\/wp-json\/wp\/v2\/users\/3"}],"replies":[{"embeddable":true,"href":"https:\/\/arnaldodiasbaptista.com.br\/english\/wp-json\/wp\/v2\/comments?post=2571"}],"version-history":[{"count":6,"href":"https:\/\/arnaldodiasbaptista.com.br\/english\/wp-json\/wp\/v2\/pages\/2571\/revisions"}],"predecessor-version":[{"id":2657,"href":"https:\/\/arnaldodiasbaptista.com.br\/english\/wp-json\/wp\/v2\/pages\/2571\/revisions\/2657"}],"wp:featuredmedia":[{"embeddable":true,"href":"https:\/\/arnaldodiasbaptista.com.br\/english\/wp-json\/wp\/v2\/media\/671"}],"wp:attachment":[{"href":"https:\/\/arnaldodiasbaptista.com.br\/english\/wp-json\/wp\/v2\/media?parent=2571"}],"curies":[{"name":"wp","href":"https:\/\/api.w.org\/{rel}","templated":true}]}}